{"id":47821,"date":"2026-03-12T10:55:43","date_gmt":"2026-03-12T09:55:43","guid":{"rendered":"https:\/\/www.lialo.blog\/de\/erlebnisse\/?page_id=47821"},"modified":"2026-03-13T11:59:25","modified_gmt":"2026-03-13T10:59:25","slug":"st-poelten","status":"publish","type":"page","link":"https:\/\/www.lialo.blog\/de\/erlebnisse\/oesterreich\/st-poelten\/","title":{"rendered":"St. P\u00f6lten entdecken: Sehensw\u00fcrdigkeiten, Geheimtipps &amp; Touren"},"content":{"rendered":"\n<h2 class=\"wp-block-heading has-text-align-left\">St. P\u00f6lten \u2013 Barocke Pracht, Jugendstil und verborgene Sch\u00e4tze an der Traisen<\/h2>\n\n\n\n<p>St. P\u00f6lten ist die j\u00fcngste Landeshauptstadt \u00d6sterreichs. Da Nieder\u00f6sterreich jahrzehntelang ein Bundesland ganz ohne eigene Hauptstadt war, wurde St. P\u00f6lten erst im Jahr 1986 dazu ernannt. Die Stadt genie\u00dft oft einen beschaulichen Ruf und wird im restlichen \u00d6sterreich manchmal scherzhaft als blo\u00dfer Bahnhof an der Westbahn bel\u00e4chelt. Doch wer genauer hinsieht, stellt schnell fest: Die Realit\u00e4t ist l\u00e4ngst spannender als das Image.<\/p>\n\n\n\n<p>In den Gassen der Altstadt verschmelzen r\u00f6mische Geschichte, prachtvolle Barockbauten und au\u00dfergew\u00f6hnlicher Jugendstil zu einem echten Erlebnis. Wer mit offenen Augen durch die Stra\u00dfen spaziert, entdeckt kuriose Details \u2013 von Millionen Jahre alten Siedlungsresten \u00fcber das ber\u00fchmte \u201eOhrwaschl\u201c bis hin zu einem Haus, dessen Fassade \u00fcber und \u00fcber mit Porzellantellern bedeckt ist. St. P\u00f6lten ist eine Stadt, die f\u00f6rmlich dazu einl\u00e4dt, auf eigene Faust und abseits der klassischen Pfade erkundet zu werden.<\/p>\n\n\n\n\t\t<style>\n\t\t\t.seo_cta {\n\t\t\t\ttext-align: center;\n\t\t\t\tmargin-top: 16px; \n\t\t\t}\n\t\t\t.wp-block-table .seo_cta {\n\t\t\t\tmargin-top: 0;\n\t\t\t}\n\t\t\t.seo_cta .button .mdc-button {\n\t\t\t\tbackground-color: #ffcf02;\n\t\t\t\theight: 48px;\n\t\t\t}\n\t\t<\/style>\n\t\n\t\t\t<div class=\"seo_cta\">\n\t\t\t\t<div class=\"button\">\n\t\t\t\t\t<div class=\"wp-block-material-button\"><a href=\"https:\/\/www.lialo.com\/de\/erlebnisse\/oesterreich\/st-poelten\/stadtfuehrung\/\" class=\"mdc-button mdc-button--raised mdc-ripple-upgraded\"><i class=\"material-icons mdc-button__icon\">arrow_forward<\/i><div class=\"mdc-button__ripple\"><\/div><span class=\"mdc-button__label\">Auf eigene Faust entdecken!<\/span><\/a><\/div>\n\t\t\t\t<\/div>\n\t\t\t<\/div>\n\t\t\n\n\n<div class=\"tour_preview_images\">\n\t\t\t<style>\n\t\t\t\t.tour_preview_images {\n\t\t\t\t\tcontainer-type: inline-size;\n\t\t\t\t\tcontainer-name: gallery;\n\t\t\t\t}\n\t\t\t\t.tour_preview_images-grid {\n\t\t\t\t\tdisplay: flex;\n\t\t\t\t\tflex-wrap: wrap; \n\t\t\t\t\tgap: 1rem;\n\t\t\t\t\twidth: 100%;\n\t\t\t\t}\n\t\t\t\t.tour_preview_images-item {\n\t\t\t\t\twidth: 100%;\n\t\t\t\t\tflex-grow: 1;\n\t\t\t\t\taspect-ratio: 16 \/ 9; \n\t\t\t\t\toverflow: hidden;\n\t\t\t\t\tborder-radius: 4px;\n\t\t\t\t\tbackground-color: #ddd;\n\t\t\t\t}\n\t\t\t\t.tour_preview_images-item img {\n\t\t\t\t\twidth: 100%;\n\t\t\t\t\theight: 100%;\n\t\t\t\t\tobject-fit: cover;\n\t\t\t\t\tdisplay: block;\n\t\t\t\t\ttransition: transform 0.3s ease;\n\t\t\t\t}\n\t\t\t\t@container gallery (min-width: 300px) {\n\t\t\t\t\t.tour_preview_images-item {\n\t\t\t\t\t\twidth: calc((100% - 1rem) \/ 2);\n\t\t\t\t\t}\n\t\t\t\t}\n\t\t\t\t@container gallery (min-width: 600px) {\n\t\t\t\t\t.tour_preview_images-item {\n\t\t\t\t\t\twidth: calc((100% - 2rem) \/ 3);\n\t\t\t\t\t}\n\t\t\t\t}\n\t\t\t<\/style>\n\t\t<div class=\"tour_preview_images-grid\">\n\t\t\t    <div class=\"tour_preview_images-item\">\n                <img decoding=\"async\" \n                    src=\"https:\/\/images.lialo.com\/3297dce2-0304-436f-b501-dd6aacb62112@w1024.webp\" \n                    srcset=\"\n                        https:\/\/images.lialo.com\/3297dce2-0304-436f-b501-dd6aacb62112@w384.webp 384w,\n                        https:\/\/images.lialo.com\/3297dce2-0304-436f-b501-dd6aacb62112@w854.webp 854w,\n                        https:\/\/images.lialo.com\/3297dce2-0304-436f-b501-dd6aacb62112@w1024.webp 1024w\n                    \"\n                    sizes=\"(min-width: 840px) 840px, 100vw\"\n                    alt=\"Historisches St. P\u00f6lten - Highlights der Altstadt individueller Stadtrundgang\"\n\t\t\t\t\ttitle=\"\"\n                    loading=\"lazy\"\n                >\n            <\/div>\n\t\t\t\n\t\t\t    <div class=\"tour_preview_images-item\">\n                <img decoding=\"async\" \n                    src=\"https:\/\/images.lialo.com\/73d53b3b-107c-4dda-89b0-8ccc38e9a52f@w1024.webp\" \n                    srcset=\"\n                        https:\/\/images.lialo.com\/73d53b3b-107c-4dda-89b0-8ccc38e9a52f@w384.webp 384w,\n                        https:\/\/images.lialo.com\/73d53b3b-107c-4dda-89b0-8ccc38e9a52f@w854.webp 854w,\n                        https:\/\/images.lialo.com\/73d53b3b-107c-4dda-89b0-8ccc38e9a52f@w1024.webp 1024w\n                    \"\n                    sizes=\"(min-width: 840px) 840px, 100vw\"\n                    alt=\"Historisches St. P\u00f6lten - Highlights der Altstadt individueller Stadtrundgang\"\n\t\t\t\t\ttitle=\"\"\n                    loading=\"lazy\"\n                >\n            <\/div>\n\t\t\t\n\t\t\t    <div class=\"tour_preview_images-item\">\n                <img decoding=\"async\" \n                    src=\"https:\/\/images.lialo.com\/1976bb75-a131-4075-8812-1b11ceb87d61@w1024.webp\" \n                    srcset=\"\n                        https:\/\/images.lialo.com\/1976bb75-a131-4075-8812-1b11ceb87d61@w384.webp 384w,\n                        https:\/\/images.lialo.com\/1976bb75-a131-4075-8812-1b11ceb87d61@w854.webp 854w,\n                        https:\/\/images.lialo.com\/1976bb75-a131-4075-8812-1b11ceb87d61@w1024.webp 1024w\n                    \"\n                    sizes=\"(min-width: 840px) 840px, 100vw\"\n                    alt=\"Historisches St. P\u00f6lten - Highlights der Altstadt individueller Stadtrundgang\"\n\t\t\t\t\ttitle=\"\"\n                    loading=\"lazy\"\n                >\n            <\/div>\n\t\t\t\n\t\t\t    <div class=\"tour_preview_images-item\">\n                <img decoding=\"async\" \n                    src=\"https:\/\/images.lialo.com\/0400f2eb-c6c9-4aa4-b13c-1cd301085990@w1024.webp\" \n                    srcset=\"\n                        https:\/\/images.lialo.com\/0400f2eb-c6c9-4aa4-b13c-1cd301085990@w384.webp 384w,\n                        https:\/\/images.lialo.com\/0400f2eb-c6c9-4aa4-b13c-1cd301085990@w854.webp 854w,\n                        https:\/\/images.lialo.com\/0400f2eb-c6c9-4aa4-b13c-1cd301085990@w1024.webp 1024w\n                    \"\n                    sizes=\"(min-width: 840px) 840px, 100vw\"\n                    alt=\"Historisches St. P\u00f6lten - Highlights der Altstadt individueller Stadtrundgang\"\n\t\t\t\t\ttitle=\"\"\n                    loading=\"lazy\"\n                >\n            <\/div>\n\t\t\t<\/div><\/div>\n\n\n\n<h3 class=\"wp-block-heading\">Hilfreiche Tipps f\u00fcr die Stadt<\/h3>\n\n\n\n<div class=\"wp-block-faq-block-for-gutenberg-faq\" style=\"background:#f6f7f7\"><div class=\"question\" style=\"background:none;color:#000\"><h4 style=\"color:#000\">Warum sieht der Dom von au\u00dfen so \u201eschlicht\u201c aus, ist aber innen so prunkvoll?<\/h4><\/div><div class=\"answer\" style=\"background:none;color:#000\">Das ist das gro\u00dfe Geheimnis des St. P\u00f6ltner Doms! Er hat einen strengen sp\u00e4tromanischen Kern aus dem 12. Jahrhundert, wurde aber im 18. Jahrhundert im Inneren vollkommen \u201ebarockisiert\u201c.<\/div><\/div>\n\n\n\n<div class=\"wp-block-faq-block-for-gutenberg-faq\" style=\"background:#f6f7f7\"><div class=\"question\" style=\"background:none;color:#000\"><h4 style=\"color:#000\">Gibt es ein Museum im Dom?<\/h4><\/div><div class=\"answer\" style=\"background:none;color:#000\">Ja, das <em>Museum am Dom<\/em> im ersten Stock des ehemaligen Stifts mit der beeindruckenden barocken Bibliothek.<\/div><\/div>\n\n\n\n<div class=\"wp-block-faq-block-for-gutenberg-faq\" style=\"background:#f6f7f7\"><div class=\"question\" style=\"background:none;color:#000\"><h4 style=\"color:#000\">Kann man den Turm des Doms besteigen?<\/h4><\/div><div class=\"answer\" style=\"background:none;color:#000\">Nein, der Domturm ist leider nicht \u00f6ffentlich zug\u00e4nglich.<br><strong>Tipp:<\/strong> F\u00fcr die beste Aussicht gehst du am besten auf den <a href=\"https:\/\/www.mostviertel.at\/ausflug-freizeit\/klangturm-st-poelten\">Klangturm<\/a> im Regierungsviertel.<\/div><\/div>\n\n\n\n<div class=\"wp-block-faq-block-for-gutenberg-faq\" style=\"background:#f6f7f7\"><div class=\"question\" style=\"background:none;color:#000\"><h4 style=\"color:#000\">Ist St. P\u00f6lten wirklich die j\u00fcngste Landeshauptstadt \u00d6sterreichs?<\/h4><\/div><div class=\"answer\" style=\"background:none;color:#000\">Ja, das stimmt! Nieder\u00f6sterreich war jahrzehntelang ein Bundesland ganz ohne eigene Hauptstadt. Erst im Jahr 1986 wurde St. P\u00f6lten offiziell zur Landeshauptstadt ernannt und gilt somit als die j\u00fcngste Landeshauptstadt der Republik.<\/div><\/div>\n\n\n\n<div class=\"wp-block-faq-block-for-gutenberg-faq\" style=\"background:#f6f7f7\"><div class=\"question\" style=\"background:none;color:#000\"><h4 style=\"color:#000\">Welche Baustile pr\u00e4gen die Altstadt von St. P\u00f6lten?<\/h4><\/div><div class=\"answer\" style=\"background:none;color:#000\">Die Altstadt bietet einen faszinierenden Architektur-Mix aus herrlichem Barock und au\u00dfergew\u00f6hnlichem Jugendstil. Zu den barocken Highlights z\u00e4hlen das Rathaus, die pr\u00e4chtige Prandtauerkirche und das Institut der Englischen Fr\u00e4ulein.<\/div><\/div>\n\n\n\n<div class=\"wp-block-faq-block-for-gutenberg-faq\" style=\"background:#f6f7f7\"><div class=\"question\" style=\"background:none;color:#000\"><h4 style=\"color:#000\">Gibt es in St. P\u00f6lten noch Spuren der alten R\u00f6mer?<\/h4><\/div><div class=\"answer\" style=\"background:none;color:#000\">Absolut! Der Ort war in der Antike bereits besiedelt und hie\u00df damals Aelium Cetium. Bei jahrelangen arch\u00e4ologischen Grabungen am Domplatz wurde unter anderem ein r\u00f6mischer Verwaltungspalast aus dem 4. Jahrhundert entdeckt. Dessen Reste sind im Stadtmuseum zu sehen.<br><strong>Tipp:<\/strong> Jeden Donnerstag- und Samstagvormittag findet auf dem Domplatz der traditionelle Wochenmarkt statt. Es ist der perfekte Ort, um lokale Schmankerl zu probieren und das lebendige Treiben vor der historischen Kulisse zu genie\u00dfen.<\/div><\/div>\n\n\n\n<div class=\"wp-block-faq-block-for-gutenberg-faq\" style=\"background:#f6f7f7\"><div class=\"question\" style=\"background:none;color:#000\"><h4 style=\"color:#000\">Was hat der ber\u00fchmte Komponist Franz Schubert mit St. P\u00f6lten zu tun?<\/h4><\/div><div class=\"answer\" style=\"background:none;color:#000\">Obwohl Franz Schubert durch und durch ein Wiener war, weilte er im Herbst 1821 auf Einladung des Bischofs in der Stadt an der Traisen. In den wenigen Tagen, die er hier verbrachte, gab er Konzerte und eroberte die Herzen der Bewohner. Daran erinnert heute noch das historische Schubertzimmer in der Rathausgasse.<\/div><\/div>\n\n\n\n\t\t<style>\n\t\t\t.seo_cta {\n\t\t\t\ttext-align: center;\n\t\t\t\tmargin-top: 16px; \n\t\t\t}\n\t\t\t.wp-block-table .seo_cta {\n\t\t\t\tmargin-top: 0;\n\t\t\t}\n\t\t\t.seo_cta .button .mdc-button {\n\t\t\t\tbackground-color: #ffcf02;\n\t\t\t\theight: 48px;\n\t\t\t}\n\t\t<\/style>\n\t\n\t\t\t<div class=\"seo_cta\">\n\t\t\t\t<div class=\"button\">\n\t\t\t\t\t<div class=\"wp-block-material-button\"><a href=\"https:\/\/www.lialo.com\/de\/erlebnisse\/oesterreich\/st-poelten\/stadtfuehrung\/\" class=\"mdc-button mdc-button--raised mdc-ripple-upgraded\"><i class=\"material-icons mdc-button__icon\">arrow_forward<\/i><div class=\"mdc-button__ripple\"><\/div><span class=\"mdc-button__label\">Auf eigene Faust entdecken!<\/span><\/a><\/div>\n\t\t\t\t<\/div>\n\t\t\t<\/div>\n\t\t\n\n\n\n<h3 class=\"wp-block-heading\">St. P\u00f6lten Sehensw\u00fcrdigkeiten: Viele Details, die \u00fcberraschen<\/h3>\n\n\n\n<p>Die historische Altstadt steckt voller Highlights. Hier sind ein paar Orte und Geschichten, auf die du bei deinem Besuch unbedingt achten solltest:<\/p>\n\n\n\n<p>\ud83e\uddd0 <strong>St. P\u00f6ltner Dom:<\/strong> Lass dich von seinem eher schlichten \u00c4u\u00dferen blo\u00df nicht t\u00e4uschen! Trittst du durch die Pforten, wirst du von der unfassbaren barocken Pracht im Inneren schier \u00fcberw\u00e4ltigt. Wei\u00dft du, hinter welcher unscheinbaren T\u00fcr sich der einzige Ort verbirgt, an dem die alte sp\u00e4tromanische Bauweise aus dem 13. Jahrhundert noch v\u00f6llig unver\u00e4ndert erhalten ist?<\/p>\n\n\n\n<p>\ud83e\uddd0 <strong>Prandtauerkirche:<\/strong> Ein barockes Schmuckst\u00fcck mitten im Zentrum. Als im Jahr 2025 die Zeitkapsel im frisch vergoldeten Turmkreuz erneuert wurde, legte man nicht nur klassische Urkunden hinein. Um der Nachwelt unsere heutige Zeit zu erkl\u00e4ren, w\u00e4hlte man einen ziemlich kuriosen Gegenstand. Wei\u00dft du, welcher das war?<\/p>\n\n\n\n<p>\ud83e\uddd0 <strong>Rathausplatz &amp; Pests\u00e4ule: <\/strong>Der gr\u00f6\u00dfte Platz der Stadt war schon zu R\u00f6merzeiten besiedelt. In seiner Mitte steht die prachtvolle Dreifaltigkeitss\u00e4ule. Schau dir den barocken Sockel einmal genauer an: W\u00e4hrend Maria vom Erzengel Gabriel die gro\u00dfe Nachricht ihrer Schwangerschaft erh\u00e4lt, macht Joseph auf der anderen Seite etwas v\u00f6llig Unerwartetes!<\/p>\n\n\n\n<p>\ud83e\uddd0 <strong>St\u00f6hr-Haus (Olbrich-Haus):<\/strong> Ein wahres Juwel des Jugendstils in der Kremser Gasse. Da der Bauherr Hermann St\u00f6hr ein Arzt war, verstecken sich in der Fassade faszinierende medizinische Symbole. Unter dem Dachfirst siehst du eine Frau, die einer Schlange aus einer Schale zu trinken gibt \u2013 doch was hat diese mysteri\u00f6se Szene zu bedeuten?<\/p>\n\n\n\n<p>\ud83e\uddd0 <strong>Tellerhaus:<\/strong> Ein absolut au\u00dfergew\u00f6hnlicher Fassadenschmuck, den du so schnell nirgendwo anders findest. Die Hauswand ist \u00fcber und \u00fcber mit Objekten verziert, die man eigentlich nur auf einem gutb\u00fcrgerlichen Esstisch vermutet. Welches ber\u00fchmte Muster sie tragen und warum sie dort h\u00e4ngen, ist ein echtes St\u00fcck St. P\u00f6ltner Kuriosit\u00e4t.<\/p>\n\n\n\n<p><strong>Und viele mehr:<\/strong><\/p>\n\n\n\n\t\t<style>\n\t\t\t.seo_cta {\n\t\t\t\ttext-align: center;\n\t\t\t\tmargin-top: 16px; \n\t\t\t}\n\t\t\t.wp-block-table .seo_cta {\n\t\t\t\tmargin-top: 0;\n\t\t\t}\n\t\t\t.seo_cta .button .mdc-button {\n\t\t\t\tbackground-color: #ffcf02;\n\t\t\t\theight: 48px;\n\t\t\t}\n\t\t<\/style>\n\t\n\t\t\t<div class=\"seo_cta\">\n\t\t\t\t<div class=\"button\">\n\t\t\t\t\t<div class=\"wp-block-material-button\"><a href=\"https:\/\/www.lialo.com\/de\/erlebnisse\/oesterreich\/st-poelten\/stadtfuehrung\/\" class=\"mdc-button mdc-button--raised mdc-ripple-upgraded\"><i class=\"material-icons mdc-button__icon\">arrow_forward<\/i><div class=\"mdc-button__ripple\"><\/div><span class=\"mdc-button__label\">Auf eigene Faust entdecken!<\/span><\/a><\/div>\n\t\t\t\t<\/div>\n\t\t\t<\/div>\n\t\t\n\n\n\n<h3 class=\"wp-block-heading\">\ud83d\udcdc Die Legende vom \u201eKurve kratzen\u201c<\/h3>\n\n\n\n<p>Ein charmantes Detail aus der St. P\u00f6ltner Altstadt: An der Ecke zur L\u00f6wenapotheke (dem \u00e4ltesten Gesch\u00e4ft der Stadt seit 1595) mussten Kutschen fr\u00fcher eine extrem enge Kurve fahren, um auf den Riemerplatz zu gelangen. Fuhr ein Kutscher zu eng an der Mauer entlang, besch\u00e4digte er das Haus und kratzte an der Kante \u2013 das sogenannte \u201e<strong>scharfe Eck<\/strong>\u201c. Hielt der Kutscher danach nicht an, um f\u00fcr den Schaden aufzukommen, sondern fuhr schnell davon, \u201ekratzte er die Kurve\u201c im doppelten Sinne. So entstand die bis heute bekannte Redewendung f\u00fcr das schnelle Verschwinden!<\/p>\n\n\n\n<h3 class=\"wp-block-heading\">\ud83d\ude0b Genuss f\u00fcr Entdecker<\/h3>\n\n\n\n<p>Wenn du in St. P\u00f6lten nach einer kleinen Erfrischung suchst, gibt es einen wunderbaren <strong>Geheimtipp<\/strong>: Die \u201eYesterday &#8211; Bar\u201c. Das Kuriose daran: Sie befindet sich (schon seit Jahrzehnten) ausgerechnet im Haus der SP\u00d6 (Sozialdemokratische Partei \u00d6sterreichs). Mit einer Auswahl von rund 600 verschiedenen Spirituosen zaubern die Barkeeper liebevoll dekorierte Cocktails. Am besten planst du hier einen Besuch f\u00fcr den Abend nach deiner Tour ein.<\/p>\n\n\n\n<h3 class=\"wp-block-heading\">\ud83d\udca1 Wusstest du schon?<\/h3>\n\n\n\n<p>Franz Pittner jun., Inhaber des damaligen Grand H\u00f4tels Pittner, besa\u00df um 1900 das erste Automobil in St. P\u00f6lten. Es war ein seltener Peugeot Typ 26, der im Jahr 2020 f\u00fcr unglaubliche 143.000 Euro versteigert wurde und als <strong>\u00e4ltestes, noch fahrbereites Auto \u00d6sterreichs<\/strong> gilt.<\/p>\n\n\n\n\t\t<style>\n\t\t\t.seo_cta {\n\t\t\t\ttext-align: center;\n\t\t\t\tmargin-top: 16px; \n\t\t\t}\n\t\t\t.wp-block-table .seo_cta {\n\t\t\t\tmargin-top: 0;\n\t\t\t}\n\t\t\t.seo_cta .button .mdc-button {\n\t\t\t\tbackground-color: #ffcf02;\n\t\t\t\theight: 48px;\n\t\t\t}\n\t\t<\/style>\n\t\n\t\t\t<div class=\"seo_cta\">\n\t\t\t\t<div class=\"button\">\n\t\t\t\t\t<div class=\"wp-block-material-button\"><a href=\"https:\/\/www.lialo.com\/de\/erlebnisse\/oesterreich\/st-poelten\/stadtfuehrung\/\" class=\"mdc-button mdc-button--raised mdc-ripple-upgraded\"><i class=\"material-icons mdc-button__icon\">arrow_forward<\/i><div class=\"mdc-button__ripple\"><\/div><span class=\"mdc-button__label\">Auf eigene Faust entdecken!<\/span><\/a><\/div>\n\t\t\t\t<\/div>\n\t\t\t<\/div>\n\t\t\n\n\n<div class=\"seo_bottom\">\n\t\t<h3>Was ist lialo?<\/h3>\n\t\t<p><b>lialo<\/b> (Abk\u00fcrzung f\u00fcr <b>Li<\/b>ke<b> a<\/b> <b>Lo<\/b>cal) macht dein Smartphone zum pers\u00f6nlichen Stadtf\u00fchrer. Die digitalen Touren sind jederzeit verf\u00fcgbar, flexibel im Ablauf und bieten dir ein individuelles Erlebnis.<\/p>\n\t\t<p>Entdecke die Stadt authentisch \u2013 fast so, als w\u00fcrde sie dir ein guter Freund oder eine gute Freundin zeigen. Die Autor*innen erstellen ihre Touren mit \u2665\ufe0f vor Ort und teilen ihr Wissen, pers\u00f6nliche Anekdoten und echte Geheimtipps mit dir.<\/p>\n\t\t<figure class=\"wp-block-image size-full\"><a href=\"https:\/\/www.youtube.com\/watch?v=GbhiNKrMV3E\" target=\"_blank\" rel=\"noopener\"><img decoding=\"async\" width=\"846\" height=\"475\" src=\"https:\/\/www.lialo.blog\/de\/erlebnisse\/wp-content\/uploads\/2022\/10\/lialo-Thumbnail-2-2.jpg\" alt=\"\" class=\"wp-image-36441\" srcset=\"https:\/\/www.lialo.blog\/de\/erlebnisse\/wp-content\/uploads\/2022\/10\/lialo-Thumbnail-2-2.jpg 846w, https:\/\/www.lialo.blog\/de\/erlebnisse\/wp-content\/uploads\/2022\/10\/lialo-Thumbnail-2-2-300x168.jpg 300w, https:\/\/www.lialo.blog\/de\/erlebnisse\/wp-content\/uploads\/2022\/10\/lialo-Thumbnail-2-2-768x431.jpg 768w\" sizes=\"(max-width: 846px) 100vw, 846px\"><\/a><\/figure>\n\t\t<h4>Wenn du Fragen hast, melde dich gern bei uns<\/h4>\n\t\t<p>#gerneperdu<br><a href=\"mailto:hallo@lialo.com\">hallo@lialo.com<\/a><\/p>\n\t<\/div>\n","protected":false},"excerpt":{"rendered":"<p>St. P\u00f6lten \u2013 Barocke Pracht, Jugendstil und verborgene Sch\u00e4tze an der Traisen St. P\u00f6lten ist die j\u00fcngste Landeshauptstadt \u00d6sterreichs. Da Nieder\u00f6sterreich jahrzehntelang ein Bundesland ganz ohne eigene Hauptstadt war, wurde St. P\u00f6lten erst im Jahr 1986 dazu ernannt. Die Stadt genie\u00dft oft einen beschaulichen Ruf und wird im restlichen \u00d6sterreich manchmal scherzhaft als blo\u00dfer Bahnhof [&hellip;]<\/p>\n","protected":false},"author":2,"featured_media":47831,"parent":42048,"menu_order":0,"comment_status":"closed","ping_status":"closed","template":"","meta":{"_acf_changed":false,"material-hide-sections":[],"footnotes":""},"class_list":["post-47821","page","type-page","status-publish","has-post-thumbnail","hentry"],"acf":[],"_links":{"self":[{"href":"https:\/\/www.lialo.blog\/de\/erlebnisse\/wp-json\/wp\/v2\/pages\/47821","targetHints":{"allow":["GET"]}}],"collection":[{"href":"https:\/\/www.lialo.blog\/de\/erlebnisse\/wp-json\/wp\/v2\/pages"}],"about":[{"href":"https:\/\/www.lialo.blog\/de\/erlebnisse\/wp-json\/wp\/v2\/types\/page"}],"author":[{"embeddable":true,"href":"https:\/\/www.lialo.blog\/de\/erlebnisse\/wp-json\/wp\/v2\/users\/2"}],"replies":[{"embeddable":true,"href":"https:\/\/www.lialo.blog\/de\/erlebnisse\/wp-json\/wp\/v2\/comments?post=47821"}],"version-history":[{"count":9,"href":"https:\/\/www.lialo.blog\/de\/erlebnisse\/wp-json\/wp\/v2\/pages\/47821\/revisions"}],"predecessor-version":[{"id":47854,"href":"https:\/\/www.lialo.blog\/de\/erlebnisse\/wp-json\/wp\/v2\/pages\/47821\/revisions\/47854"}],"up":[{"embeddable":true,"href":"https:\/\/www.lialo.blog\/de\/erlebnisse\/wp-json\/wp\/v2\/pages\/42048"}],"wp:featuredmedia":[{"embeddable":true,"href":"https:\/\/www.lialo.blog\/de\/erlebnisse\/wp-json\/wp\/v2\/media\/47831"}],"wp:attachment":[{"href":"https:\/\/www.lialo.blog\/de\/erlebnisse\/wp-json\/wp\/v2\/media?parent=47821"}],"curies":[{"name":"wp","href":"https:\/\/api.w.org\/{rel}","templated":true}]}}