{"id":40220,"date":"2023-10-04T16:52:52","date_gmt":"2023-10-04T14:52:52","guid":{"rendered":"https:\/\/www.lialo.blog\/blog\/?page_id=40220"},"modified":"2026-02-25T08:48:35","modified_gmt":"2026-02-25T15:48:35","slug":"bremen","status":"publish","type":"page","link":"https:\/\/www.lialo.blog\/de\/erlebnisse\/deutschland\/bremen\/","title":{"rendered":"Bremen entdecken: Sehensw\u00fcrdigkeiten, Geheimtipps &amp; Touren \ud83d\udee1\ufe0f"},"content":{"rendered":"\n<h2 class=\"wp-block-heading\">Bremen \u2013 Hanseatisch, gem\u00fctlich und voller Wandel<\/h2>\n\n\n\n<p>Moin! In Bremen gibt es nicht nur die \ud83d\udc34\ud83d\udc15\ud83d\udc08\ud83d\udc13 Bremen ist die Stadt am Mehr. Zwischen dem UNESCO-Welterbe am Marktplatz und der modernen Architektur in der \u00dcberseestadt ist sie voller Kontraste. Ob du den <strong>Bremer Roland<\/strong> begr\u00fc\u00dft, durch die expressionistische <strong>B\u00f6ttcherstra\u00dfe<\/strong> schlenderst oder den Strukturwandel im alten Hafen erlebst \u2013 Bremen l\u00e4sst sich wunderbar zu Fu\u00df oder mit der Stra\u00dfenbahn erkunden. Von den historischen Gassen im <strong>Schnoor<\/strong> bis zum urbanen Flair der <strong>\u00dcberseestadt<\/strong>: Hier trifft Tradition auf Moderne.<\/p>\n\n\n\n\t\t<style>\n\t\t\t.seo_cta {\n\t\t\t\ttext-align: center;\n\t\t\t\tmargin-top: 16px; \n\t\t\t}\n\t\t\t.wp-block-table .seo_cta {\n\t\t\t\tmargin-top: 0;\n\t\t\t}\n\t\t\t.seo_cta .button .mdc-button {\n\t\t\t\tbackground-color: #ffcf02;\n\t\t\t\theight: 48px;\n\t\t\t}\n\t\t<\/style>\n\t\n\t\t\t<div class=\"seo_cta\">\n\t\t\t\t<div class=\"button\">\n\t\t\t\t\t<div class=\"wp-block-material-button\"><a href=\"https:\/\/www.lialo.com\/de\/erlebnisse\/deutschland\/bremen\/stadtfuehrung\/\" class=\"mdc-button mdc-button--raised mdc-ripple-upgraded\"><i class=\"material-icons mdc-button__icon\">arrow_forward<\/i><div class=\"mdc-button__ripple\"><\/div><span class=\"mdc-button__label\">Auf eigene Faust entdecken!<\/span><\/a><\/div>\n\t\t\t\t<\/div>\n\t\t\t<\/div>\n\t\t\n\n\n\n<div class=\"wp-block-group\"><div class=\"wp-block-group__inner-container is-layout-constrained wp-block-group-is-layout-constrained\">\n<h2 class=\"wp-block-heading\">\ud83d\udc49 Tipp: Von den Stadtmusikanten zur Hafen-Romantik<\/h2>\n\n\n<div class=\"tour_preview_images\">\n\t\t\t<style>\n\t\t\t\t.tour_preview_images {\n\t\t\t\t\tcontainer-type: inline-size;\n\t\t\t\t\tcontainer-name: gallery;\n\t\t\t\t}\n\t\t\t\t.tour_preview_images-grid {\n\t\t\t\t\tdisplay: flex;\n\t\t\t\t\tflex-wrap: wrap; \n\t\t\t\t\tgap: 1rem;\n\t\t\t\t\twidth: 100%;\n\t\t\t\t}\n\t\t\t\t.tour_preview_images-item {\n\t\t\t\t\twidth: 100%;\n\t\t\t\t\tflex-grow: 1;\n\t\t\t\t\taspect-ratio: 16 \/ 9; \n\t\t\t\t\toverflow: hidden;\n\t\t\t\t\tborder-radius: 4px;\n\t\t\t\t\tbackground-color: #ddd;\n\t\t\t\t}\n\t\t\t\t.tour_preview_images-item img {\n\t\t\t\t\twidth: 100%;\n\t\t\t\t\theight: 100%;\n\t\t\t\t\tobject-fit: cover;\n\t\t\t\t\tdisplay: block;\n\t\t\t\t\ttransition: transform 0.3s ease;\n\t\t\t\t}\n\t\t\t\t@container gallery (min-width: 300px) {\n\t\t\t\t\t.tour_preview_images-item {\n\t\t\t\t\t\twidth: calc((100% - 1rem) \/ 2);\n\t\t\t\t\t}\n\t\t\t\t}\n\t\t\t\t@container gallery (min-width: 600px) {\n\t\t\t\t\t.tour_preview_images-item {\n\t\t\t\t\t\twidth: calc((100% - 2rem) \/ 3);\n\t\t\t\t\t}\n\t\t\t\t}\n\t\t\t<\/style>\n\t\t<div class=\"tour_preview_images-grid\">\n\t\t\t    <div class=\"tour_preview_images-item\">\n                <img decoding=\"async\" \n                    src=\"https:\/\/images.lialo.com\/15aa071e-315d-4c85-ba8f-e076445f9785@w1024.webp\" \n                    srcset=\"\n                        https:\/\/images.lialo.com\/15aa071e-315d-4c85-ba8f-e076445f9785@w384.webp 384w,\n                        https:\/\/images.lialo.com\/15aa071e-315d-4c85-ba8f-e076445f9785@w854.webp 854w,\n                        https:\/\/images.lialo.com\/15aa071e-315d-4c85-ba8f-e076445f9785@w1024.webp 1024w\n                    \"\n                    sizes=\"(min-width: 840px) 840px, 100vw\"\n                    alt=\"Bremen f\u00fcr BesserWisser - Stadtrallye Bremen individueller Stadtrundgang\"\n\t\t\t\t\ttitle=\"Bremer Stadtmusikanten, Copyright: WFB\/ Jonas Jaromir Schmidt\"\n                    loading=\"lazy\"\n                >\n            <\/div>\n\t\t\t\n\t\t\t    <div class=\"tour_preview_images-item\">\n                <img decoding=\"async\" \n                    src=\"https:\/\/images.lialo.com\/1a9d0883-12bf-4f54-88f2-118589f3c578@w1024.webp\" \n                    srcset=\"\n                        https:\/\/images.lialo.com\/1a9d0883-12bf-4f54-88f2-118589f3c578@w384.webp 384w,\n                        https:\/\/images.lialo.com\/1a9d0883-12bf-4f54-88f2-118589f3c578@w854.webp 854w,\n                        https:\/\/images.lialo.com\/1a9d0883-12bf-4f54-88f2-118589f3c578@w1024.webp 1024w\n                    \"\n                    sizes=\"(min-width: 840px) 840px, 100vw\"\n                    alt=\"Bremen f\u00fcr BesserWisser - Stadtrallye Bremen individueller Stadtrundgang\"\n\t\t\t\t\ttitle=\"Bremen Becks M\u00fchle, Copyright WFB\/ Michael Abid\"\n                    loading=\"lazy\"\n                >\n            <\/div>\n\t\t\t\n\t\t\t    <div class=\"tour_preview_images-item\">\n                <img decoding=\"async\" \n                    src=\"https:\/\/images.lialo.com\/60aeae8b-d743-4fe9-9c85-a0e0b1737779@w1024.webp\" \n                    srcset=\"\n                        https:\/\/images.lialo.com\/60aeae8b-d743-4fe9-9c85-a0e0b1737779@w384.webp 384w,\n                        https:\/\/images.lialo.com\/60aeae8b-d743-4fe9-9c85-a0e0b1737779@w854.webp 854w,\n                        https:\/\/images.lialo.com\/60aeae8b-d743-4fe9-9c85-a0e0b1737779@w1024.webp 1024w\n                    \"\n                    sizes=\"(min-width: 840px) 840px, 100vw\"\n                    alt=\"Bremen f\u00fcr BesserWisser - Stadtrallye Bremen individueller Stadtrundgang\"\n\t\t\t\t\ttitle=\"Bremen B\u00f6ttcherstra\u00dfe, Copyright: WFB\/ Carina Tank\"\n                    loading=\"lazy\"\n                >\n            <\/div>\n\t\t\t\n\t\t\t    <div class=\"tour_preview_images-item\">\n                <img decoding=\"async\" \n                    src=\"https:\/\/images.lialo.com\/a7acd85f-60ce-46fc-885f-a71e4aa81940@w1024.webp\" \n                    srcset=\"\n                        https:\/\/images.lialo.com\/a7acd85f-60ce-46fc-885f-a71e4aa81940@w384.webp 384w,\n                        https:\/\/images.lialo.com\/a7acd85f-60ce-46fc-885f-a71e4aa81940@w854.webp 854w,\n                        https:\/\/images.lialo.com\/a7acd85f-60ce-46fc-885f-a71e4aa81940@w1024.webp 1024w\n                    \"\n                    sizes=\"(min-width: 840px) 840px, 100vw\"\n                    alt=\"Bremen f\u00fcr BesserWisser - Stadtrallye Bremen individueller Stadtrundgang\"\n\t\t\t\t\ttitle=\"Bremen Schnoorviertel, Copyright: WFB\/ Carina Tank\"\n                    loading=\"lazy\"\n                >\n            <\/div>\n\t\t\t<\/div><\/div>\n\n\n\n<p>Du willst das volle Bremen-Erlebnis, aber ohne trockene Geschichtsstunde? Hier ein Vorschlag f\u00fcr eine gute Route: Starte am <strong>Marktplatz und Roland<\/strong>, umrunde das Rathaus und suche das <strong>Bremer Loch<\/strong>. Von dort schlenderst du durch die ber\u00fchmte <strong>B\u00f6ttcherstra\u00dfe<\/strong> zum Weserufer. Wenn du Lust auf Kontraste hast, folge der Weser flussabw\u00e4rts in die <strong>\u00dcberseestadt<\/strong>. Wo fr\u00fcher Kaffee und Kakao gelagert wurden, findest du heute moderne Architektur neben alten Backsteinspeichern. Tipp: Der <strong>M\u00e4useturm<\/strong> am Molenkopf \u2013 der perfekte Ort f\u00fcr ein Selfie im Sonnenuntergang mit Wind um die Nase. Etwas flussabw\u00e4rts kommst du zum <strong>Schnoorviertel<\/strong>, das bekannt ist f\u00fcr seine verwinkelten, engen Gassen. Und noch ein St\u00fcck weiter flussabw\u00e4rts kommst du in&#8217;s <strong>Viertel <\/strong>mit seiner lebendigen Kneipen- und Clubszene sowie vielen individuellen Shops.<\/p>\n\n\n\n\t\t<style>\n\t\t\t.seo_cta {\n\t\t\t\ttext-align: center;\n\t\t\t\tmargin-top: 16px; \n\t\t\t}\n\t\t\t.wp-block-table .seo_cta {\n\t\t\t\tmargin-top: 0;\n\t\t\t}\n\t\t\t.seo_cta .button .mdc-button {\n\t\t\t\tbackground-color: #ffcf02;\n\t\t\t\theight: 48px;\n\t\t\t}\n\t\t<\/style>\n\t\n\t\t\t<div class=\"seo_cta\">\n\t\t\t\t<div class=\"button\">\n\t\t\t\t\t<div class=\"wp-block-material-button\"><a href=\"https:\/\/www.lialo.com\/de\/erlebnisse\/deutschland\/bremen\/stadtfuehrung\/\" class=\"mdc-button mdc-button--raised mdc-ripple-upgraded\"><i class=\"material-icons mdc-button__icon\">arrow_forward<\/i><div class=\"mdc-button__ripple\"><\/div><span class=\"mdc-button__label\">Zu den passenden Touren<\/span><\/a><\/div>\n\t\t\t\t<\/div>\n\t\t\t<\/div>\n\t\t\n<\/div><\/div>\n\n\n\n<h3 class=\"wp-block-heading\">Hilfreiche Tipps f\u00fcr die Stadt<\/h3>\n\n\n\n<div class=\"wp-block-faq-block-for-gutenberg-faq\" style=\"background:#f6f7f7\"><div class=\"question\" style=\"background:none;color:#000\"><h4 style=\"color:#000\">Was sind die Top-Sehensw\u00fcrdigkeiten in Bremen?<\/h4><\/div><div class=\"answer\" style=\"background:none;color:#000\">Ganz oben stehen nat\u00fcrlich die <strong>Bremer Stadtmusikanten<\/strong> \ud83d\udc34\ud83d\udc15\ud83d\udc08\ud83d\udc13 &#8211; von denen es \u00fcbrigens auch eine Werder Bremen Version gibt &#8211; und das Ensemble am Marktplatz mit dem <strong>Rathaus<\/strong> und dem <strong>Roland<\/strong> (UNESCO-Welterbe). Aber auch die expressionistische <strong>B\u00f6ttcherstra\u00dfe<\/strong> mit ihrem Glockenspiel und das mittelalterliche <strong>Schnoor-Viertel<\/strong> mit seinen engen Gassen darfst du nicht verpassen.<\/div><\/div>\n\n\n\n<div class=\"wp-block-faq-block-for-gutenberg-faq\" style=\"background:#f6f7f7\"><div class=\"question\" style=\"background:none;color:#000\"><h4 style=\"color:#000\">Kann man Bremen gut zu Fu\u00df erkunden?<\/h4><\/div><div class=\"answer\" style=\"background:none;color:#000\">Absolut! Die Bremer sagen selbst scherzhaft, ihre Stadt sei ein \u201eDorf mit Stra\u00dfenbahn\u201c. Die Wege im Zentrum sind kurz: Vom Marktplatz \u00fcber die B\u00f6ttcherstra\u00dfe zur Weserpromenade (Schlachte) sind es nur wenige Minuten. Wer gut zu Fu\u00df ist, spaziert von dort direkt weiter bis in die moderne <a href=\"https:\/\/www.lialo.com\/de\/tour\/vjq6\">\u00dcberseestadt<\/a>.<\/div><\/div>\n\n\n\n<div class=\"wp-block-faq-block-for-gutenberg-faq\" style=\"background:#f6f7f7\"><div class=\"question\" style=\"background:none;color:#000\"><h4 style=\"color:#000\">Wo erlebe ich das moderne Bremen?<\/h4><\/div><div class=\"answer\" style=\"background:none;color:#000\">In der <a href=\"https:\/\/www.lialo.com\/de\/tour\/vjq6\">\u00dcberseestadt<\/a>, einem der gr\u00f6\u00dften Stadtentwicklungsprojekte Europas. Hier treffen alte Backsteinspeicher auf moderne Architektur wie den Weser Tower oder die Geb\u00e4ude am Europahafenkopf, die wie die Stadtmusikanten gestapelt aussehen. Ein spannender Kontrast zur Altstadt!<\/div><\/div>\n\n\n\n<div class=\"wp-block-faq-block-for-gutenberg-faq\" style=\"background:#f6f7f7\"><div class=\"question\" style=\"background:none;color:#000\"><h4 style=\"color:#000\">Was kann ich bei &#8222;Schietwetter&#8220; (Regen) machen?<\/h4><\/div><div class=\"answer\" style=\"background:none;color:#000\">Bremen bietet tolle Indoor-Erlebnisse. Im <strong>Schuppen Eins<\/strong> in der \u00dcberseestadt kannst du (kostenlos!) Oldtimer und Liebhaberfahrzeuge in einer gl\u00e4sernen Werkstatt bewundern. Oder du besuchst das <strong>Hafenmuseum <\/strong>im Speicher XI, um mehr \u00fcber die maritime Geschichte zu erfahren.<\/div><\/div>\n\n\n\n<div class=\"wp-block-faq-block-for-gutenberg-faq\" style=\"background:#f6f7f7\"><div class=\"question\" style=\"background:none;color:#000\"><h4 style=\"color:#000\">Wo kann man in Bremen gut entspannen?<\/h4><\/div><div class=\"answer\" style=\"background:none;color:#000\">Bei sch\u00f6nem Wetter zieht es alle an die <strong>Schlachte<\/strong>, die Uferpromenade mit ihren vielen Bierg\u00e4rten. Wer Sand unter den F\u00fc\u00dfen sp\u00fcren will, f\u00e4hrt zum <strong>Waller Sand<\/strong> in der \u00dcberseestadt \u2013 ein neu angelegter Strandpark mit D\u00fcnen und Blick auf die vorbeifahrenden Schiffe.<\/div><\/div>\n\n\n\n<div class=\"wp-block-faq-block-for-gutenberg-faq\" style=\"background:#f6f7f7\"><div class=\"question\" style=\"background:none;color:#000\"><h4 style=\"color:#000\">Wo ist abends was los in Bremen?<\/h4><\/div><div class=\"answer\" style=\"background:none;color:#000\">F\u00fcr einen entspannten Abend mit Weserblick ist die <strong>Schlachte <\/strong>ideal. Wer es bunter und kultureller mag, geht ins <strong>Viertel <\/strong>(Steintor\/Ostertor). Dort findest du eine lebendige Kneipen- und Clubszene sowie viele individuelle Shops.<\/div><\/div>\n\n\n\n<div class=\"wp-block-faq-block-for-gutenberg-faq\" style=\"background:#f6f7f7\"><div class=\"question\" style=\"background:none;color:#000\"><h4 style=\"color:#000\">Was hat es mit dem UNESCO-Welterbe auf sich?<\/h4><\/div><div class=\"answer\" style=\"background:none;color:#000\">Das Bremer Rathaus und der Roland stehen seit 2004 gemeinsam auf der UNESCO-Liste. Das Rathaus gilt als eines der bedeutendsten Bauwerke der Backsteingotik, und der Roland (errichtet 1404) symbolisiert seit Jahrhunderten die Freiheit und Marktrechte der Stadt.<\/div><\/div>\n\n\n\n\t\t<style>\n\t\t\t.seo_cta {\n\t\t\t\ttext-align: center;\n\t\t\t\tmargin-top: 16px; \n\t\t\t}\n\t\t\t.wp-block-table .seo_cta {\n\t\t\t\tmargin-top: 0;\n\t\t\t}\n\t\t\t.seo_cta .button .mdc-button {\n\t\t\t\tbackground-color: #ffcf02;\n\t\t\t\theight: 48px;\n\t\t\t}\n\t\t<\/style>\n\t\n\t\t\t<div class=\"seo_cta\">\n\t\t\t\t<div class=\"button\">\n\t\t\t\t\t<div class=\"wp-block-material-button\"><a href=\"https:\/\/www.lialo.com\/de\/erlebnisse\/deutschland\/bremen\/stadtfuehrung\/\" class=\"mdc-button mdc-button--raised mdc-ripple-upgraded\"><i class=\"material-icons mdc-button__icon\">arrow_forward<\/i><div class=\"mdc-button__ripple\"><\/div><span class=\"mdc-button__label\">Auf eigene Faust entdecken!<\/span><\/a><\/div>\n\t\t\t\t<\/div>\n\t\t\t<\/div>\n\t\t\n\n\n\n<h3 class=\"wp-block-heading\">Bremen Sehensw\u00fcrdigkeiten: Viele Details, die \u00fcberraschen<\/h3>\n\n\n\n<p>Bremen hat weltbekannte Wahrzeichen, doch wer genau hinschaut, entdeckt verbl\u00fcffende Geheimnisse:<\/p>\n\n\n\n<p>\ud83e\uddd0 <strong>Das &#8222;Bremer Loch&#8220;:<\/strong> Wenn du eine M\u00fcnze hineinwirfst, ert\u00f6nt &#8230;! Was? Warum?<\/p>\n\n\n\n<p>\ud83e\uddd0 <strong>Der Spuckstein:<\/strong> Ein unscheinbarer Stein markiert die Stelle, an der grausames geschah. Noch heute spucken Bremer aus Abscheu auf diesen Stein.<\/p>\n\n\n\n<p>\ud83e\uddd0 <strong>Loriots Mops:<\/strong> Ein bronzener Mops auf einem Biedermeier-Sofa ist ein sch\u00f6nes Motiv f\u00fcr ein Selfie.<\/p>\n\n\n\n<p>\ud83e\uddd0 <strong>Treppen-Kuriosum:<\/strong> An der Weserpromenade musst du erst Stufen hinaufsteigen, um sie dann wieder hinunterzugehen. Ein Fehler?<\/p>\n\n\n\n<p>\ud83e\uddd0 <strong>Versteckte Architektur:<\/strong> Die modernen Geb\u00e4ude am Europahafenkopf in der \u00dcberseestadt sind in ihrer Form den Bremer Stadtmusikanten nachempfunden \u2013 kannst du Esel, Hund, Katze und Hahn erkennen?<\/p>\n\n\n\n<p><strong>Und viele mehr:<\/strong><\/p>\n\n\n\n\t\t<style>\n\t\t\t.seo_cta {\n\t\t\t\ttext-align: center;\n\t\t\t\tmargin-top: 16px; \n\t\t\t}\n\t\t\t.wp-block-table .seo_cta {\n\t\t\t\tmargin-top: 0;\n\t\t\t}\n\t\t\t.seo_cta .button .mdc-button {\n\t\t\t\tbackground-color: #ffcf02;\n\t\t\t\theight: 48px;\n\t\t\t}\n\t\t<\/style>\n\t\n\t\t\t<div class=\"seo_cta\">\n\t\t\t\t<div class=\"button\">\n\t\t\t\t\t<div class=\"wp-block-material-button\"><a href=\"https:\/\/www.lialo.com\/de\/erlebnisse\/deutschland\/bremen\/stadtfuehrung\/\" class=\"mdc-button mdc-button--raised mdc-ripple-upgraded\"><i class=\"material-icons mdc-button__icon\">arrow_forward<\/i><div class=\"mdc-button__ripple\"><\/div><span class=\"mdc-button__label\">Auf eigene Faust entdecken!<\/span><\/a><\/div>\n\t\t\t\t<\/div>\n\t\t\t<\/div>\n\t\t\n\n\n\n<h3 class=\"wp-block-heading\">\ud83d\udcdc Die Legende der &#8222;Sieben Faulen&#8220;<\/h3>\n\n\n\n<p>In der B\u00f6ttcherstra\u00dfe triffst du auf den Brunnen der &#8222;Sieben Faulen&#8220;. Die Legende erz\u00e4hlt von sieben Br\u00fcdern, die als faul galten, weil sie in die Welt zogen. Als sie zur\u00fcckkamen, bauten sie D\u00e4mme und legten Brunnen an, um sich die Arbeit zu erleichtern. Die Bremer hielten das f\u00fcr Faulheit \u2013 heute wissen wir: Es war Innovation!<\/p>\n\n\n\n<h3 class=\"wp-block-heading\">\ud83d\ude0b Genuss f\u00fcr Entdecker<\/h3>\n\n\n\n<p><strong>Wein im Ratskeller:<\/strong> Unter dem Rathaus lagert der \u00e4lteste Fasswein Deutschlands (von 1653!). Der Ratskeller bietet das weltweit gr\u00f6\u00dfte Sortiment deutscher Weine.<\/p>\n\n\n\n<p><strong>Biergarten an der Gem\u00fcsewerft:<\/strong> In der \u00dcberseestadt kannst du im Biergarten der &#8222;Gem\u00fcsewerft&#8220; sitzen \u2013 einem integrativen Projekt, wo Hopfen und Gem\u00fcse direkt neben deinem Tisch wachsen.<\/p>\n\n\n\n<p><strong>Die Schlachte:<\/strong> Bremens Gastromeile direkt an der Weser. Fr\u00fcher wurden hier Uferpf\u00e4hle eingeschlagen (&#8222;slagte&#8220;), heute genie\u00dft du hier Bier und Sonne mit Blick aufs Wasser.<\/p>\n\n\n\n<h3 class=\"wp-block-heading\">\ud83d\udca1 Wusstest du schon?<\/h3>\n\n\n\n<p><strong>Der M\u00e4useturm:<\/strong> Das Wahrzeichen im alten Hafen hei\u00dft eigentlich Molenturm, wird aber liebevoll &#8222;M\u00e4useturm&#8220; genannt. Fr\u00fcher sa\u00dfen hier Hafenarbeiter und dirigierten Schiffe per Megafon.<\/p>\n\n\n\n<p><strong>Autos im Wohnzimmer:<\/strong> Im &#8222;Schuppen Eins&#8220; in der \u00dcberseestadt gibt es Wohnlofts, die man mit dem Auto per Fahrstuhl bis in die Etage erreichen kann.<\/p>\n\n\n\n\t\t<style>\n\t\t\t.seo_cta {\n\t\t\t\ttext-align: center;\n\t\t\t\tmargin-top: 16px; \n\t\t\t}\n\t\t\t.wp-block-table .seo_cta {\n\t\t\t\tmargin-top: 0;\n\t\t\t}\n\t\t\t.seo_cta .button .mdc-button {\n\t\t\t\tbackground-color: #ffcf02;\n\t\t\t\theight: 48px;\n\t\t\t}\n\t\t<\/style>\n\t\n\t\t\t<div class=\"seo_cta\">\n\t\t\t\t<div class=\"button\">\n\t\t\t\t\t<div class=\"wp-block-material-button\"><a href=\"https:\/\/www.lialo.com\/de\/erlebnisse\/deutschland\/bremen\/stadtfuehrung\/\" class=\"mdc-button mdc-button--raised mdc-ripple-upgraded\"><i class=\"material-icons mdc-button__icon\">arrow_forward<\/i><div class=\"mdc-button__ripple\"><\/div><span class=\"mdc-button__label\">Auf eigene Faust entdecken!<\/span><\/a><\/div>\n\t\t\t\t<\/div>\n\t\t\t<\/div>\n\t\t\n\n\n<div class=\"seo_bottom\">\n\t\t<h3>Was ist lialo?<\/h3>\n\t\t<p><b>lialo<\/b> (Abk\u00fcrzung f\u00fcr <b>Li<\/b>ke<b> a<\/b> <b>Lo<\/b>cal) macht dein Smartphone zum pers\u00f6nlichen Stadtf\u00fchrer. Die digitalen Touren sind jederzeit verf\u00fcgbar, flexibel im Ablauf und bieten dir ein individuelles Erlebnis.<\/p>\n\t\t<p>Entdecke die Stadt authentisch \u2013 fast so, als w\u00fcrde sie dir ein guter Freund oder eine gute Freundin zeigen. Die Autor*innen erstellen ihre Touren mit \u2665\ufe0f vor Ort und teilen ihr Wissen, pers\u00f6nliche Anekdoten und echte Geheimtipps mit dir.<\/p>\n\t\t<figure class=\"wp-block-image size-full\"><a href=\"https:\/\/www.youtube.com\/watch?v=GbhiNKrMV3E\" target=\"_blank\" rel=\"noopener\"><img decoding=\"async\" width=\"846\" height=\"475\" src=\"https:\/\/www.lialo.blog\/de\/erlebnisse\/wp-content\/uploads\/2022\/10\/lialo-Thumbnail-2-2.jpg\" alt=\"\" class=\"wp-image-36441\" srcset=\"https:\/\/www.lialo.blog\/de\/erlebnisse\/wp-content\/uploads\/2022\/10\/lialo-Thumbnail-2-2.jpg 846w, https:\/\/www.lialo.blog\/de\/erlebnisse\/wp-content\/uploads\/2022\/10\/lialo-Thumbnail-2-2-300x168.jpg 300w, https:\/\/www.lialo.blog\/de\/erlebnisse\/wp-content\/uploads\/2022\/10\/lialo-Thumbnail-2-2-768x431.jpg 768w\" sizes=\"(max-width: 846px) 100vw, 846px\"><\/a><\/figure>\n\t\t<h4>Wenn du Fragen hast, melde dich gern bei uns<\/h4>\n\t\t<p>#gerneperdu<br><a href=\"mailto:hallo@lialo.com\">hallo@lialo.com<\/a><\/p>\n\t<\/div>\n","protected":false},"excerpt":{"rendered":"<p>Bremen \u2013 Hanseatisch, gem\u00fctlich und voller Wandel Moin! In Bremen gibt es nicht nur die \ud83d\udc34\ud83d\udc15\ud83d\udc08\ud83d\udc13 Bremen ist die Stadt am Mehr. Zwischen dem UNESCO-Welterbe am Marktplatz und der modernen Architektur in der \u00dcberseestadt ist sie voller Kontraste. Ob du den Bremer Roland begr\u00fc\u00dft, durch die expressionistische B\u00f6ttcherstra\u00dfe schlenderst oder den Strukturwandel im alten Hafen [&hellip;]<\/p>\n","protected":false},"author":2,"featured_media":47624,"parent":40165,"menu_order":0,"comment_status":"closed","ping_status":"closed","template":"","meta":{"_acf_changed":false,"material-hide-sections":[],"footnotes":""},"class_list":["post-40220","page","type-page","status-publish","has-post-thumbnail","hentry"],"acf":[],"_links":{"self":[{"href":"https:\/\/www.lialo.blog\/de\/erlebnisse\/wp-json\/wp\/v2\/pages\/40220","targetHints":{"allow":["GET"]}}],"collection":[{"href":"https:\/\/www.lialo.blog\/de\/erlebnisse\/wp-json\/wp\/v2\/pages"}],"about":[{"href":"https:\/\/www.lialo.blog\/de\/erlebnisse\/wp-json\/wp\/v2\/types\/page"}],"author":[{"embeddable":true,"href":"https:\/\/www.lialo.blog\/de\/erlebnisse\/wp-json\/wp\/v2\/users\/2"}],"replies":[{"embeddable":true,"href":"https:\/\/www.lialo.blog\/de\/erlebnisse\/wp-json\/wp\/v2\/comments?post=40220"}],"version-history":[{"count":15,"href":"https:\/\/www.lialo.blog\/de\/erlebnisse\/wp-json\/wp\/v2\/pages\/40220\/revisions"}],"predecessor-version":[{"id":47644,"href":"https:\/\/www.lialo.blog\/de\/erlebnisse\/wp-json\/wp\/v2\/pages\/40220\/revisions\/47644"}],"up":[{"embeddable":true,"href":"https:\/\/www.lialo.blog\/de\/erlebnisse\/wp-json\/wp\/v2\/pages\/40165"}],"wp:featuredmedia":[{"embeddable":true,"href":"https:\/\/www.lialo.blog\/de\/erlebnisse\/wp-json\/wp\/v2\/media\/47624"}],"wp:attachment":[{"href":"https:\/\/www.lialo.blog\/de\/erlebnisse\/wp-json\/wp\/v2\/media?parent=40220"}],"curies":[{"name":"wp","href":"https:\/\/api.w.org\/{rel}","templated":true}]}}